{"id":14142,"date":"2020-02-11T07:46:30","date_gmt":"2020-02-11T06:46:30","guid":{"rendered":"https:\/\/www.hotelrestart.cz\/zimmer\/barrierefreies-zimmer\/"},"modified":"2026-01-28T15:38:49","modified_gmt":"2026-01-28T14:38:49","slug":"barrierefreies-zimmer","status":"publish","type":"page","link":"https:\/\/www.hotelrestart.cz\/de\/zimmer\/barrierefreies-zimmer\/","title":{"rendered":"Barrierefreies Zimmer"},"content":{"rendered":"<div class=\"wpb-content-wrapper\"><p>[vc_row full_width=&#8221;stretch_row&#8221; content_placement=&#8221;middle&#8221; el_class=&#8221;featured&#8221;][vc_column][vc_column_text]<\/p>\n<h1>Barrierefreies Zimmer<\/h1>\n<p>[\/vc_column_text][\/vc_column][\/vc_row][vc_row][vc_column width=&#8221;1\/2&#8243;][vc_single_image image=&#8221;10491&#8243; img_size=&#8221;large&#8221;][vc_empty_space][vc_row_inner][vc_column_inner width=&#8221;1\/3&#8243;][vc_column_text]<strong>ANZAHL DER ZIMMER<\/strong> : 1[\/vc_column_text][\/vc_column_inner] [vc_column_inner width=&#8221;1\/3&#8243;][vc_column_text]<strong>GR\u00d6SSE<\/strong> : 26 m2[\/vc_column_text][\/vc_column_inner][vc_column_inner width=&#8221;1\/3&#8243;][vc_btn title=&#8221;Zimmer buchen&#8221; color=&#8221;default&#8221; align=&#8221;center&#8221; link=&#8221;url:https%3A%2F%2Fwww.hotelrestart.cz%2Fde%2Freservierung%2F&#8221;][\/vc_column_inner][\/vc_row_inner][\/vc_column][vc_column width=&#8221;1\/2&#8243;][vc_column_text]Im reSTART Hotel hei\u00dfen wir alle G\u00e4ste mit offenen Armen willkommen. Gerne bereiten wir f\u00fcr Sie unsere gro\u00dfz\u00fcgigen, barrierefreien Zimmer vor und sorgen daf\u00fcr, dass Ihr Aufenthalt bei uns so angenehm wie m\u00f6glich wird. [\/vc_column_text][vc_column_text]<b>Ausr\u00fcstung<\/b>[\/vc_column_text][vc_row_inner][vc_column_inner width=&#8221;1\/2&#8243;][vc_column_text]<\/p>\n<ul>\n<li>Klimaanlage<\/li>\n<li>LED-Fernseher 101 (40)<\/li>\n<li>Nespresso-Kaffeemaschine<\/li>\n<li>Teeservice<\/li>\n<li>Minibar<\/li>\n<li>Konferenztisch<\/li>\n<li>sicher<\/li>\n<li>Haartrockner<\/li>\n<\/ul>\n<p>[\/vc_column_text][\/vc_column_inner][vc_column_inner width=&#8221;1\/2&#8243;][vc_column_text]<\/p>\n<ul>\n<li>Hausschuhe<\/li>\n<li>BOTANICA Kosmetik mit Argan\u00f6l<\/li>\n<li>Duschkabine<\/li>\n<li>Kosmetikspiegel<\/li>\n<li>Gewicht<\/li>\n<li>Verdunkelungsvorh\u00e4nge<\/li>\n<li>Superior-Bett mit komfortabler medizinischer Matratze<\/li>\n<\/ul>\n<p>[\/vc_column_text][\/vc_column_inner][\/vc_row_inner][vc_empty_space][\/vc_column][\/vc_row][vc_row][vc_column][vc_empty_space][vc_column_text]<\/p>\n<style type=\"text\/css\">\r\n\t#foogallery-gallery-8427 .fg-image {\r\n        width: 300px;\r\n    }\r\n<\/style>\r\n\t\t\t\t<style type=\"text\/css\">\r\n\t#foogallery-gallery-8427 .fg-image {\r\n        width: 300px;\r\n    }\r\n<\/style>\r\n\t\t\t\t<div class=\"foogallery foogallery-container foogallery-default foogallery-lightbox-foogallery fg-gutter-5 fg-center fg-default fg-light fg-loading-default fg-loaded-fade-in fg-caption-hover fg-hover-fade fg-hover-zoom fg-ready\" id=\"foogallery-gallery-8427\" data-foogallery=\"{&quot;item&quot;:{&quot;showCaptionTitle&quot;:true,&quot;showCaptionDescription&quot;:true},&quot;lazy&quot;:true}\" data-foogallery-lightbox=\"{&quot;thumbs&quot;:&quot;bottom&quot;,&quot;thumbsCaptions&quot;:false,&quot;thumbsBestFit&quot;:false,&quot;thumbsSmall&quot;:false,&quot;thumbsCaptionsAlign&quot;:&quot;default&quot;,&quot;info&quot;:&quot;bottom&quot;,&quot;infoVisible&quot;:true,&quot;infoOverlay&quot;:true,&quot;infoAlign&quot;:&quot;default&quot;,&quot;transition&quot;:&quot;fade&quot;,&quot;hoverButtons&quot;:false,&quot;fitMedia&quot;:false,&quot;noScrollbars&quot;:true,&quot;preserveButtonSpace&quot;:true,&quot;buttons&quot;:{&quot;fullscreen&quot;:true,&quot;info&quot;:true,&quot;thumbs&quot;:false},&quot;video&quot;:{&quot;autoPlay&quot;:true}}\" data-fg-common-fields=\"1\" >\r\n\t<div class=\"fg-item fg-type-image fg-idle\"><figure class=\"fg-item-inner\"><a href=\"https:\/\/www.hotelrestart.cz\/wp-content\/uploads\/2020\/02\/IMG_7034.jpg\" data-attachment-id=\"8429\" data-type=\"image\" class=\"fg-thumb\"><span class=\"fg-image-wrap\"><img fetchpriority=\"high\" decoding=\"async\" width=\"300\" height=\"200\" class=\"skip-lazy fg-image\" data-no-lazy=\"1\" data-src-fg=\"https:\/\/www.hotelrestart.cz\/wp-content\/uploads\/cache\/2020\/02\/IMG_7034\/3035912184.jpg\" src=\"data:image\/svg+xml,%3Csvg%20xmlns%3D%22http%3A%2F%2Fwww.w3.org%2F2000%2Fsvg%22%20width%3D%22300%22%20height%3D%22200%22%20viewBox%3D%220%200%20300%20200%22%3E%3C%2Fsvg%3E\" loading=\"eager\"><\/span><span class=\"fg-image-overlay\"><\/span><\/a><figcaption class=\"fg-caption\"><div class=\"fg-caption-inner\"><\/div><\/figcaption><\/figure><div class=\"fg-loader\"><\/div><\/div><div class=\"fg-item fg-type-image fg-idle\"><figure class=\"fg-item-inner\"><a href=\"https:\/\/www.hotelrestart.cz\/wp-content\/uploads\/2020\/02\/bezbarier-6.jpg\" data-attachment-id=\"8595\" data-type=\"image\" class=\"fg-thumb\"><span class=\"fg-image-wrap\"><img decoding=\"async\" width=\"300\" height=\"200\" class=\"skip-lazy fg-image\" data-no-lazy=\"1\" data-src-fg=\"https:\/\/www.hotelrestart.cz\/wp-content\/uploads\/cache\/2020\/02\/bezbarier-6\/1090431046.jpg\" src=\"data:image\/svg+xml,%3Csvg%20xmlns%3D%22http%3A%2F%2Fwww.w3.org%2F2000%2Fsvg%22%20width%3D%22300%22%20height%3D%22200%22%20viewBox%3D%220%200%20300%20200%22%3E%3C%2Fsvg%3E\" loading=\"eager\"><\/span><span class=\"fg-image-overlay\"><\/span><\/a><figcaption class=\"fg-caption\"><div class=\"fg-caption-inner\"><\/div><\/figcaption><\/figure><div class=\"fg-loader\"><\/div><\/div><div class=\"fg-item fg-type-image fg-idle\"><figure class=\"fg-item-inner\"><a href=\"https:\/\/www.hotelrestart.cz\/wp-content\/uploads\/2020\/02\/bezbarier-2.jpg\" data-attachment-id=\"8592\" data-type=\"image\" class=\"fg-thumb\"><span class=\"fg-image-wrap\"><img decoding=\"async\" width=\"300\" height=\"200\" class=\"skip-lazy fg-image\" data-no-lazy=\"1\" data-src-fg=\"https:\/\/www.hotelrestart.cz\/wp-content\/uploads\/cache\/2020\/02\/bezbarier-2\/2711638999.jpg\" src=\"data:image\/svg+xml,%3Csvg%20xmlns%3D%22http%3A%2F%2Fwww.w3.org%2F2000%2Fsvg%22%20width%3D%22300%22%20height%3D%22200%22%20viewBox%3D%220%200%20300%20200%22%3E%3C%2Fsvg%3E\" loading=\"eager\"><\/span><span class=\"fg-image-overlay\"><\/span><\/a><figcaption class=\"fg-caption\"><div class=\"fg-caption-inner\"><\/div><\/figcaption><\/figure><div class=\"fg-loader\"><\/div><\/div><div class=\"fg-item fg-type-image fg-idle\"><figure class=\"fg-item-inner\"><a href=\"https:\/\/www.hotelrestart.cz\/wp-content\/uploads\/2020\/02\/bezbarier-1.jpg\" data-attachment-id=\"8591\" data-type=\"image\" class=\"fg-thumb\"><span class=\"fg-image-wrap\"><img decoding=\"async\" width=\"300\" height=\"200\" class=\"skip-lazy fg-image\" data-no-lazy=\"1\" data-src-fg=\"https:\/\/www.hotelrestart.cz\/wp-content\/uploads\/cache\/2020\/02\/bezbarier-1\/1396107024.jpg\" src=\"data:image\/svg+xml,%3Csvg%20xmlns%3D%22http%3A%2F%2Fwww.w3.org%2F2000%2Fsvg%22%20width%3D%22300%22%20height%3D%22200%22%20viewBox%3D%220%200%20300%20200%22%3E%3C%2Fsvg%3E\" loading=\"eager\"><\/span><span class=\"fg-image-overlay\"><\/span><\/a><figcaption class=\"fg-caption\"><div class=\"fg-caption-inner\"><\/div><\/figcaption><\/figure><div class=\"fg-loader\"><\/div><\/div><div class=\"fg-item fg-type-image fg-idle\"><figure class=\"fg-item-inner\"><a href=\"https:\/\/www.hotelrestart.cz\/wp-content\/uploads\/2020\/02\/IMG_7032.jpg\" data-attachment-id=\"8432\" data-type=\"image\" class=\"fg-thumb\"><span class=\"fg-image-wrap\"><img decoding=\"async\" width=\"300\" height=\"200\" class=\"skip-lazy fg-image\" data-no-lazy=\"1\" data-src-fg=\"https:\/\/www.hotelrestart.cz\/wp-content\/uploads\/cache\/2020\/02\/IMG_7032\/139426188.jpg\" src=\"data:image\/svg+xml,%3Csvg%20xmlns%3D%22http%3A%2F%2Fwww.w3.org%2F2000%2Fsvg%22%20width%3D%22300%22%20height%3D%22200%22%20viewBox%3D%220%200%20300%20200%22%3E%3C%2Fsvg%3E\" loading=\"eager\"><\/span><span class=\"fg-image-overlay\"><\/span><\/a><figcaption class=\"fg-caption\"><div class=\"fg-caption-inner\"><\/div><\/figcaption><\/figure><div class=\"fg-loader\"><\/div><\/div><div class=\"fg-item fg-type-image fg-idle\"><figure class=\"fg-item-inner\"><a href=\"https:\/\/www.hotelrestart.cz\/wp-content\/uploads\/2020\/02\/bezbarier-9.jpg\" data-attachment-id=\"8597\" data-type=\"image\" class=\"fg-thumb\"><span class=\"fg-image-wrap\"><img decoding=\"async\" width=\"300\" height=\"200\" class=\"skip-lazy fg-image\" data-no-lazy=\"1\" data-src-fg=\"https:\/\/www.hotelrestart.cz\/wp-content\/uploads\/cache\/2020\/02\/bezbarier-9\/2027985645.jpg\" src=\"data:image\/svg+xml,%3Csvg%20xmlns%3D%22http%3A%2F%2Fwww.w3.org%2F2000%2Fsvg%22%20width%3D%22300%22%20height%3D%22200%22%20viewBox%3D%220%200%20300%20200%22%3E%3C%2Fsvg%3E\" loading=\"eager\"><\/span><span class=\"fg-image-overlay\"><\/span><\/a><figcaption class=\"fg-caption\"><div class=\"fg-caption-inner\"><\/div><\/figcaption><\/figure><div class=\"fg-loader\"><\/div><\/div><div class=\"fg-item fg-type-image fg-idle\"><figure class=\"fg-item-inner\"><a href=\"https:\/\/www.hotelrestart.cz\/wp-content\/uploads\/2020\/02\/bezbarier-13.jpg\" data-attachment-id=\"8598\" data-type=\"image\" class=\"fg-thumb\"><span class=\"fg-image-wrap\"><img decoding=\"async\" width=\"300\" height=\"200\" class=\"skip-lazy fg-image\" data-no-lazy=\"1\" data-src-fg=\"https:\/\/www.hotelrestart.cz\/wp-content\/uploads\/cache\/2020\/02\/bezbarier-13\/2931982227.jpg\" src=\"data:image\/svg+xml,%3Csvg%20xmlns%3D%22http%3A%2F%2Fwww.w3.org%2F2000%2Fsvg%22%20width%3D%22300%22%20height%3D%22200%22%20viewBox%3D%220%200%20300%20200%22%3E%3C%2Fsvg%3E\" loading=\"eager\"><\/span><span class=\"fg-image-overlay\"><\/span><\/a><figcaption class=\"fg-caption\"><div class=\"fg-caption-inner\"><\/div><\/figcaption><\/figure><div class=\"fg-loader\"><\/div><\/div><div class=\"fg-item fg-type-image fg-idle\"><figure class=\"fg-item-inner\"><a href=\"https:\/\/www.hotelrestart.cz\/wp-content\/uploads\/2020\/02\/Bezbari\u00e9rov\u00fd-pokoj.jpg\" data-attachment-id=\"8615\" data-type=\"image\" class=\"fg-thumb\"><span class=\"fg-image-wrap\"><img decoding=\"async\" width=\"300\" height=\"200\" class=\"skip-lazy fg-image\" data-no-lazy=\"1\" data-src-fg=\"https:\/\/www.hotelrestart.cz\/wp-content\/uploads\/cache\/2020\/02\/Bezbari\u00e9rov\u00fd-pokoj\/2489898401.jpg\" src=\"data:image\/svg+xml,%3Csvg%20xmlns%3D%22http%3A%2F%2Fwww.w3.org%2F2000%2Fsvg%22%20width%3D%22300%22%20height%3D%22200%22%20viewBox%3D%220%200%20300%20200%22%3E%3C%2Fsvg%3E\" loading=\"eager\"><\/span><span class=\"fg-image-overlay\"><\/span><\/a><figcaption class=\"fg-caption\"><div class=\"fg-caption-inner\"><\/div><\/figcaption><\/figure><div class=\"fg-loader\"><\/div><\/div><\/div>\r\n\n<p>[\/vc_column_text][vc_empty_space][\/vc_column][\/vc_row][vc_row full_width=&#8221;stretch_row&#8221; el_class=&#8221;brown&#8221;][vc_column][vc_column_text]<\/p>\n<h2 style=\"text-align: center;\">W\u00fcnschen Sie einen anderen Zimmertyp?<\/h2>\n<p>[\/vc_column_text][vc_column_text]<div class=\"toppackages\"><div class=\"toppackage xzoom\"><a href=\"https:\/\/www.hotelrestart.cz\/de\/zimmer\/einzelzimmer\/\"><div class=\"intoppackage toproom\" style=\"\r\nbackground-image:url('https:\/\/www.hotelrestart.cz\/wp-content\/uploads\/2020\/08\/Pokoj_jednoluzkovy.jpg');\r\nbackground-size: cover\">\r\n<div class=\"intopx\"><h3>Einzelzimmer<\/h3><span class=\"splink\">V\u00edce o pokoji >><\/span><\/div><\/div><\/a><\/div><div class=\"toppackage xzoom\"><a href=\"https:\/\/www.hotelrestart.cz\/de\/doppelzimmer\/\"><div class=\"intoppackage toproom\" style=\"\r\nbackground-image:url('https:\/\/www.hotelrestart.cz\/wp-content\/uploads\/2020\/08\/Pokoj_dvouluzkovy.jpg');\r\nbackground-size: cover\">\r\n<div class=\"intopx\"><h3>Doppelzimmer<\/h3><span class=\"splink\">V\u00edce o pokoji >><\/span><\/div><\/div><\/a><\/div><div class=\"toppackage xzoom\"><a href=\"https:\/\/www.hotelrestart.cz\/de\/zimmer\/familienzimmer\/\"><div class=\"intoppackage toproom\" style=\"\r\nbackground-image:url('https:\/\/www.hotelrestart.cz\/wp-content\/uploads\/2020\/08\/Pokoj_rodinny.jpg');\r\nbackground-size: cover\">\r\n<div class=\"intopx\"><h3>Familienzimmer<\/h3><span class=\"splink\">V\u00edce o pokoji >><\/span><\/div><\/div><\/a><\/div><div class=\"toppackage xzoom\"><a href=\"https:\/\/www.hotelrestart.cz\/de\/wohnung\/\"><div class=\"intoppackage toproom\" style=\"\r\nbackground-image:url('https:\/\/www.hotelrestart.cz\/wp-content\/uploads\/2020\/08\/Pokoj_apartman.jpg');\r\nbackground-size: cover\">\r\n<div class=\"intopx\"><h3>Wohnung<\/h3><span class=\"splink\">V\u00edce o pokoji >><\/span><\/div><\/div><\/a><\/div><br style=\"clear:both;\" \/><\/div>[\/vc_column_text][\/vc_column][\/vc_row]<\/p>\n<\/div>","protected":false},"excerpt":{"rendered":"<p>[vc_row full_width=&#8221;stretch_row&#8221; content_placement=&#8221;middle&#8221; el_class=&#8221;featured&#8221;][vc_column][vc_column_text] Barrierefreies Zimmer [\/vc_column_text][\/vc_column][\/vc_row][vc_row][vc_column width=&#8221;1\/2&#8243;][vc_single_image image=&#8221;10491&#8243; img_size=&#8221;large&#8221;][vc_empty_space][vc_row_inner][vc_column_inner width=&#8221;1\/3&#8243;][vc_column_text]ANZAHL DER ZIMMER : 1[\/vc_column_text][\/vc_column_inner] [vc_column_inner width=&#8221;1\/3&#8243;][vc_column_text]GR\u00d6SSE : 26 m2[\/vc_column_text][\/vc_column_inner][vc_column_inner width=&#8221;1\/3&#8243;][vc_btn title=&#8221;Zimmer buchen&#8221; color=&#8221;default&#8221; align=&#8221;center&#8221; link=&#8221;url:https%3A%2F%2Fwww.hotelrestart.cz%2Fde%2Freservierung%2F&#8221;][\/vc_column_inner][\/vc_row_inner][\/vc_column][vc_column<\/p>\n","protected":false},"author":1,"featured_media":14154,"parent":13443,"menu_order":5,"comment_status":"closed","ping_status":"closed","template":"","meta":{"footnotes":""},"categories":[207],"tags":[208],"class_list":["post-14142","page","type-page","status-publish","has-post-thumbnail","hentry","category-en-zimmer","tag-zimmer"],"acf":[],"yoast_head":"<!-- This site is optimized with the Yoast SEO plugin v21.8 - https:\/\/yoast.com\/wordpress\/plugins\/seo\/ -->\n<title>Barrierefreies Zimmer - Hotel reSTART<\/title>\n<meta name=\"robots\" content=\"index, follow, max-snippet:-1, max-image-preview:large, max-video-preview:-1\" \/>\n<link rel=\"canonical\" href=\"https:\/\/www.hotelrestart.cz\/pokoje\/pokoj-pro-invalidy\/\" \/>\n<meta property=\"og:locale\" content=\"de_DE\" \/>\n<meta property=\"og:type\" content=\"article\" \/>\n<meta property=\"og:title\" content=\"Barrierefreies Zimmer - Hotel reSTART\" \/>\n<meta property=\"og:description\" content=\"[vc_row full_width=&#8221;stretch_row&#8221; content_placement=&#8221;middle&#8221; el_class=&#8221;featured&#8221;][vc_column][vc_column_text] Barrierefreies Zimmer [\/vc_column_text][\/vc_column][\/vc_row][vc_row][vc_column width=&#8221;1\/2&#8243;][vc_single_image image=&#8221;10491&#8243; img_size=&#8221;large&#8221;][vc_empty_space][vc_row_inner][vc_column_inner width=&#8221;1\/3&#8243;][vc_column_text]ANZAHL DER ZIMMER : 1[\/vc_column_text][\/vc_column_inner] [vc_column_inner width=&#8221;1\/3&#8243;][vc_column_text]GR\u00d6SSE : 26 m2[\/vc_column_text][\/vc_column_inner][vc_column_inner width=&#8221;1\/3&#8243;][vc_btn title=&#8221;Zimmer buchen&#8221; color=&#8221;default&#8221; align=&#8221;center&#8221; link=&#8221;url:https%3A%2F%2Fwww.hotelrestart.cz%2Fde%2Freservierung%2F&#8221;][\/vc_column_inner][\/vc_row_inner][\/vc_column][vc_column\" \/>\n<meta property=\"og:url\" content=\"https:\/\/www.hotelrestart.cz\/pokoje\/pokoj-pro-invalidy\/\" \/>\n<meta property=\"og:site_name\" content=\"Hotel reSTART\" \/>\n<meta property=\"article:modified_time\" content=\"2026-01-28T14:38:49+00:00\" \/>\n<meta property=\"og:image\" content=\"https:\/\/www.hotelrestart.cz\/wp-content\/uploads\/2020\/09\/Pokoj_bezbarier.jpg\" \/>\n\t<meta property=\"og:image:width\" content=\"317\" \/>\n\t<meta property=\"og:image:height\" content=\"463\" \/>\n\t<meta property=\"og:image:type\" content=\"image\/jpeg\" \/>\n<meta name=\"twitter:card\" content=\"summary_large_image\" \/>\n<meta name=\"twitter:label1\" content=\"Gesch\u00e4tzte Lesezeit\" \/>\n\t<meta name=\"twitter:data1\" content=\"1\u00a0Minute\" \/>\n<script type=\"application\/ld+json\" class=\"yoast-schema-graph\">{\"@context\":\"https:\/\/schema.org\",\"@graph\":[{\"@type\":\"WebPage\",\"@id\":\"https:\/\/www.hotelrestart.cz\/pokoje\/pokoj-pro-invalidy\/\",\"url\":\"https:\/\/www.hotelrestart.cz\/pokoje\/pokoj-pro-invalidy\/\",\"name\":\"Barrierefreies Zimmer - Hotel reSTART\",\"isPartOf\":{\"@id\":\"https:\/\/www.hotelrestart.cz\/#website\"},\"datePublished\":\"2020-02-11T06:46:30+00:00\",\"dateModified\":\"2026-01-28T14:38:49+00:00\",\"breadcrumb\":{\"@id\":\"https:\/\/www.hotelrestart.cz\/pokoje\/pokoj-pro-invalidy\/#breadcrumb\"},\"inLanguage\":\"de\",\"potentialAction\":[{\"@type\":\"ReadAction\",\"target\":[\"https:\/\/www.hotelrestart.cz\/pokoje\/pokoj-pro-invalidy\/\"]}]},{\"@type\":\"BreadcrumbList\",\"@id\":\"https:\/\/www.hotelrestart.cz\/pokoje\/pokoj-pro-invalidy\/#breadcrumb\",\"itemListElement\":[{\"@type\":\"ListItem\",\"position\":1,\"name\":\"Home\",\"item\":\"https:\/\/www.hotelrestart.cz\/de\/hotel-restart-jicin-offizielle-website\/\"},{\"@type\":\"ListItem\",\"position\":2,\"name\":\"Zimmer\",\"item\":\"https:\/\/www.hotelrestart.cz\/de\/zimmer\/\"},{\"@type\":\"ListItem\",\"position\":3,\"name\":\"Barrierefreies Zimmer\"}]},{\"@type\":\"WebSite\",\"@id\":\"https:\/\/www.hotelrestart.cz\/#website\",\"url\":\"https:\/\/www.hotelrestart.cz\/\",\"name\":\"Hotel reSTART\",\"description\":\"4* Hotel v Ji\u010d\u00edn\u011b\",\"potentialAction\":[{\"@type\":\"SearchAction\",\"target\":{\"@type\":\"EntryPoint\",\"urlTemplate\":\"https:\/\/www.hotelrestart.cz\/?s={search_term_string}\"},\"query-input\":\"required name=search_term_string\"}],\"inLanguage\":\"de\"}]}<\/script>\n<!-- \/ Yoast SEO plugin. -->","yoast_head_json":{"title":"Barrierefreies Zimmer - Hotel reSTART","robots":{"index":"index","follow":"follow","max-snippet":"max-snippet:-1","max-image-preview":"max-image-preview:large","max-video-preview":"max-video-preview:-1"},"canonical":"https:\/\/www.hotelrestart.cz\/pokoje\/pokoj-pro-invalidy\/","og_locale":"de_DE","og_type":"article","og_title":"Barrierefreies Zimmer - Hotel reSTART","og_description":"[vc_row full_width=&#8221;stretch_row&#8221; content_placement=&#8221;middle&#8221; el_class=&#8221;featured&#8221;][vc_column][vc_column_text] Barrierefreies Zimmer [\/vc_column_text][\/vc_column][\/vc_row][vc_row][vc_column width=&#8221;1\/2&#8243;][vc_single_image image=&#8221;10491&#8243; img_size=&#8221;large&#8221;][vc_empty_space][vc_row_inner][vc_column_inner width=&#8221;1\/3&#8243;][vc_column_text]ANZAHL DER ZIMMER : 1[\/vc_column_text][\/vc_column_inner] [vc_column_inner width=&#8221;1\/3&#8243;][vc_column_text]GR\u00d6SSE : 26 m2[\/vc_column_text][\/vc_column_inner][vc_column_inner width=&#8221;1\/3&#8243;][vc_btn title=&#8221;Zimmer buchen&#8221; color=&#8221;default&#8221; align=&#8221;center&#8221; link=&#8221;url:https%3A%2F%2Fwww.hotelrestart.cz%2Fde%2Freservierung%2F&#8221;][\/vc_column_inner][\/vc_row_inner][\/vc_column][vc_column","og_url":"https:\/\/www.hotelrestart.cz\/pokoje\/pokoj-pro-invalidy\/","og_site_name":"Hotel reSTART","article_modified_time":"2026-01-28T14:38:49+00:00","og_image":[{"width":317,"height":463,"url":"https:\/\/www.hotelrestart.cz\/wp-content\/uploads\/2020\/09\/Pokoj_bezbarier.jpg","type":"image\/jpeg"}],"twitter_card":"summary_large_image","twitter_misc":{"Gesch\u00e4tzte Lesezeit":"1\u00a0Minute"},"schema":{"@context":"https:\/\/schema.org","@graph":[{"@type":"WebPage","@id":"https:\/\/www.hotelrestart.cz\/pokoje\/pokoj-pro-invalidy\/","url":"https:\/\/www.hotelrestart.cz\/pokoje\/pokoj-pro-invalidy\/","name":"Barrierefreies Zimmer - Hotel reSTART","isPartOf":{"@id":"https:\/\/www.hotelrestart.cz\/#website"},"datePublished":"2020-02-11T06:46:30+00:00","dateModified":"2026-01-28T14:38:49+00:00","breadcrumb":{"@id":"https:\/\/www.hotelrestart.cz\/pokoje\/pokoj-pro-invalidy\/#breadcrumb"},"inLanguage":"de","potentialAction":[{"@type":"ReadAction","target":["https:\/\/www.hotelrestart.cz\/pokoje\/pokoj-pro-invalidy\/"]}]},{"@type":"BreadcrumbList","@id":"https:\/\/www.hotelrestart.cz\/pokoje\/pokoj-pro-invalidy\/#breadcrumb","itemListElement":[{"@type":"ListItem","position":1,"name":"Home","item":"https:\/\/www.hotelrestart.cz\/de\/hotel-restart-jicin-offizielle-website\/"},{"@type":"ListItem","position":2,"name":"Zimmer","item":"https:\/\/www.hotelrestart.cz\/de\/zimmer\/"},{"@type":"ListItem","position":3,"name":"Barrierefreies Zimmer"}]},{"@type":"WebSite","@id":"https:\/\/www.hotelrestart.cz\/#website","url":"https:\/\/www.hotelrestart.cz\/","name":"Hotel reSTART","description":"4* Hotel v Ji\u010d\u00edn\u011b","potentialAction":[{"@type":"SearchAction","target":{"@type":"EntryPoint","urlTemplate":"https:\/\/www.hotelrestart.cz\/?s={search_term_string}"},"query-input":"required name=search_term_string"}],"inLanguage":"de"}]}},"_links":{"self":[{"href":"https:\/\/www.hotelrestart.cz\/de\/wp-json\/wp\/v2\/pages\/14142","targetHints":{"allow":["GET"]}}],"collection":[{"href":"https:\/\/www.hotelrestart.cz\/de\/wp-json\/wp\/v2\/pages"}],"about":[{"href":"https:\/\/www.hotelrestart.cz\/de\/wp-json\/wp\/v2\/types\/page"}],"author":[{"embeddable":true,"href":"https:\/\/www.hotelrestart.cz\/de\/wp-json\/wp\/v2\/users\/1"}],"replies":[{"embeddable":true,"href":"https:\/\/www.hotelrestart.cz\/de\/wp-json\/wp\/v2\/comments?post=14142"}],"version-history":[{"count":1,"href":"https:\/\/www.hotelrestart.cz\/de\/wp-json\/wp\/v2\/pages\/14142\/revisions"}],"predecessor-version":[{"id":15612,"href":"https:\/\/www.hotelrestart.cz\/de\/wp-json\/wp\/v2\/pages\/14142\/revisions\/15612"}],"up":[{"embeddable":true,"href":"https:\/\/www.hotelrestart.cz\/de\/wp-json\/wp\/v2\/pages\/13443"}],"wp:featuredmedia":[{"embeddable":true,"href":"https:\/\/www.hotelrestart.cz\/de\/wp-json\/wp\/v2\/media\/14154"}],"wp:attachment":[{"href":"https:\/\/www.hotelrestart.cz\/de\/wp-json\/wp\/v2\/media?parent=14142"}],"wp:term":[{"taxonomy":"category","embeddable":true,"href":"https:\/\/www.hotelrestart.cz\/de\/wp-json\/wp\/v2\/categories?post=14142"},{"taxonomy":"post_tag","embeddable":true,"href":"https:\/\/www.hotelrestart.cz\/de\/wp-json\/wp\/v2\/tags?post=14142"}],"curies":[{"name":"wp","href":"https:\/\/api.w.org\/{rel}","templated":true}]}}